{"id":1112,"date":"2020-03-22T15:50:11","date_gmt":"2020-03-22T14:50:11","guid":{"rendered":"https:\/\/jacquesmarion.fr\/?page_id=1112"},"modified":"2020-03-24T14:52:25","modified_gmt":"2020-03-24T13:52:25","slug":"la-campagne","status":"publish","type":"page","link":"https:\/\/jacquesmarion.fr\/index.php\/la-campagne\/","title":{"rendered":"La CAMPAGNE"},"content":{"rendered":"\n<div class=\"wp-block-image\"><figure class=\"aligncenter size-large is-resized\"><img decoding=\"async\" loading=\"lazy\" src=\"https:\/\/jacquesmarion.fr\/wp-content\/uploads\/2016\/09\/coluche-gauche-droite-france.jpg\" alt=\"\" class=\"wp-image-337\" width=\"322\" height=\"257\" srcset=\"https:\/\/jacquesmarion.fr\/wp-content\/uploads\/2016\/09\/coluche-gauche-droite-france.jpg 516w, https:\/\/jacquesmarion.fr\/wp-content\/uploads\/2016\/09\/coluche-gauche-droite-france-300x240.jpg 300w, https:\/\/jacquesmarion.fr\/wp-content\/uploads\/2016\/09\/coluche-gauche-droite-france-338x270.jpg 338w\" sizes=\"(max-width: 322px) 100vw, 322px\" \/><\/figure><\/div>\n\n\n\n<h2 class=\"has-vivid-purple-color has-text-color has-text-align-center wp-block-heading\"><strong>L&rsquo;attente d&rsquo;un vraie candidature citoyenne<\/strong> <\/h2>\n\n\n\n<p>Il y a une vraie attente d\u2019une candidature citoyenne, car le sentiment d\u2019impuissance du monde politique traverse l\u2019ensemble de la soci\u00e9t\u00e9 fran\u00e7aise.<\/p>\n\n\n\n<p>Les premiers programmes propos\u00e9s et les candidatures qui se profilent, montrent un profond sentiment de d\u00e9j\u00e0 vu. Les propositions actuelles ne portent aucune solution \u00e0 cours, moyens et encore moins \u00e0 long terme.<\/p>\n\n\n\n<p>Plusieurs initiatives et personnalit\u00e9s essaient de susciter ou d\u2019organiser une candidature citoyenne et une primaire citoyenne.<\/p>\n\n\n\n<p>Il faut ensuite que les initiatives soient cr\u00e9dibles aupr\u00e8s des \u00e9lecteurs. Il faudra transformer l\u2019attente en votes.<\/p>\n\n\n\n<p><strong><em>La plus grande difficult\u00e9, d\u2019une candidature, est de pouvoir regrouper les 500 signatures d\u2019\u00e9lus.<\/em><\/strong><\/p>\n\n\n\n<p><strong><em>Des initiatives citoyennes sont en train de se mettre en place. Le moment venu, elles seront en mesure de recueillir les parrainages n\u00e9cessaires. Mon objectif est d\u2019\u00eatre le candidat de ce mouvement de fond.<\/em><\/strong><\/p>\n\n\n\n<h2 class=\"has-vivid-purple-color has-text-color has-text-align-center wp-block-heading\"><strong>Les mouvements citoyens<\/strong><\/h2>\n\n\n\n<p>Ils sont en pleins d\u00e9veloppement en France. Ils marquent la fracture entre la classe politique et la soci\u00e9t\u00e9 civile. Leurs cr\u00e9ativit\u00e9s et leurs propositions ouvrent des pistes int\u00e9ressantes et souvent en ad\u00e9quation avec les attentes des Fran\u00e7ais.<\/p>\n\n\n\n<p>Pourtant les diff\u00e9rentes associations ou partis politiques citoyens ont du mal \u00e0 se faire entendre. Ils sont en mal de notori\u00e9t\u00e9. La multiplicit\u00e9 des acteurs ne donne pas de coh\u00e9rence au mouvement. Le risque se rapproche de celui de l\u2019\u00e9cologie politique qui a r\u00e9ussit \u00e0 faire passer ses id\u00e9es sans jamais le traduire \u00e9lectoralement. Pourtant la candidature de Ren\u00e9 Dumont en 1974 avait donn\u00e9 un formidable \u00e9lan. Les luttes internes ont ensuite handicap\u00e9 le d\u00e9veloppement d\u2019une vraie force politique.<\/p>\n\n\n\n<p>La campagne pr\u00e9sidentielle 2017 est une vraie opportunit\u00e9 de faire entendre une voix diff\u00e9rente.<\/p>\n\n\n\n<h2 class=\"has-vivid-purple-color has-text-color has-text-align-center wp-block-heading\"><strong>Le meeting implicatif<\/strong><\/h2>\n\n\n\n<p>Le meeting politique, est l\u2019un des \u00e9l\u00e9ments incontournables d\u2019une campagne pr\u00e9sidentielle. Il est toujours b\u00e2ti de la m\u00eame fa\u00e7on. Le candidat expose ses propositions et ses partisans prennent la parole pour le soutenir. Parfois, il r\u00e9pond \u00e0 quelques questions. Le militant a donc un r\u00f4le passif ou il se contente d\u2019applaudir et d\u2019\u00e9couter.<\/p>\n\n\n\n<p>Dans le meeting implicatif, le candidat expose son projet et choisit un th\u00e8me \u00e0 d\u00e9battre avec le public. Dans cet \u00e9change chacun peux exposer ses propositions. La r\u00e9union est diffus\u00e9e en direct sur les r\u00e9seaux sociaux et les internautes peuvent intervenir.<\/p>\n\n\n\n<p>Le candidat n\u2019agit plus uniquement en \u00e9metteur de l\u2019information mais en catalyseur afin de faire \u00e9merger les id\u00e9es et les talents.<\/p>\n\n\n\n<h2 class=\"has-vivid-purple-color has-text-color has-text-align-center wp-block-heading\"><strong>La limite du meeting &nbsp;<\/strong><strong>implicatif<\/strong><\/h2>\n\n\n\n<p>Il se veut transversal mais il est difficile dans la cadre d\u2019une campagne de d\u00e9passer ses sympathisants. Cela limite donc la cr\u00e9ativit\u00e9 du concept car pour \u00e9laborer des solutions \u00e0 long terme il faut qu\u2019elles soient acceptables par le plus grand nombre. Il est donc logique que toutes les opinions soient repr\u00e9sent\u00e9es. Cela ne peut pas se r\u00e9aliser dans le cadre d\u2019une campagne o\u00f9 les opinions sont exacerb\u00e9es.<\/p>\n\n\n\n<div class=\"wp-block-columns is-layout-flex wp-container-4\">\n<div class=\"wp-block-column is-layout-flow\">\n<h2 class=\"has-vivid-cyan-blue-color has-text-color has-text-align-center wp-block-heading\"><strong>L\u2019appel aux Maires et aux \u00e9lus<\/strong><\/h2>\n\n\n\n<p>Vous \u00eates \u00e9lus ou maire vous souhaitez voir les choses \u00e9voluer dans une direction diff\u00e9rente. Vous pouvez remplir la fiche de v\u0153ux avec ce lien.<\/p>\n\n\n\n<div class=\"wp-block-button aligncenter\"><a class=\"wp-block-button__link\" href=\"appel-aux-elus-et-aux-maires\" target=\"_blank\" rel=\"noreferrer noopener\">T\u00e9l\u00e9charger l&rsquo;appel aux maires et aux \u00e9lus<\/a><\/div>\n<\/div>\n\n\n\n<div class=\"wp-block-column is-layout-flow\">\n<h2 class=\"has-vivid-cyan-blue-color has-text-color has-text-align-center wp-block-heading\"><strong>Adh\u00e9rez au \u00ab&nbsp;Comit\u00e9 de soutien&nbsp;\u00bb<\/strong><\/h2>\n\n\n\n<p>Chacun peut participer \u00e0 la campagne en adh\u00e9rant au \u00ab&nbsp;Comit\u00e9 de soutien&nbsp;\u00bb. Il peut s\u2019impliquer en organisant des r\u00e9unions ou en d\u00e9marchant des maires. Vous pouvez vous engager en remplissant le formulaire avec ce lien<\/p>\n\n\n\n<div class=\"wp-block-button\"><a class=\"wp-block-button__link\" href=\"adhere-au-comite-de-soutien\" target=\"_blank\" rel=\"noreferrer noopener\">T\u00e9l\u00e9charger l\u2019adh\u00e9sion au comit\u00e9 de soutiens <\/a><\/div>\n<\/div>\n\n\n\n<div class=\"wp-block-column is-layout-flow\">\n<h2 class=\"has-vivid-cyan-blue-color has-text-color has-text-align-center wp-block-heading\"><strong>Remplissez votre \u00ab&nbsp;Fiche P&nbsp;\u00bb<\/strong><\/h2>\n\n\n\n<p>La fiche \u00ab&nbsp;S&nbsp;\u00bb, pour \u00ab&nbsp;s\u00fbret\u00e9 de l\u2019Etat&nbsp;\u00bb, est l\u2019une des 21 sous-cat\u00e9gories du plus ancien fichier de police : le Fichier des personnes. C\u2019est un moyen de signalement pour les forces de l\u2019ordre.&nbsp;La soci\u00e9t\u00e9 a aussi besoin de signaux positifs. Pour cela je propose la cr\u00e9ation d\u2019une \u00ab&nbsp;fiche P&nbsp;\u00bb pour Positif ou Projet. Elle se veut aussi un moyen de signalement des citoyens qui s\u2019impliquent sur le terrain ou souhaiteraient le faire.<\/p>\n\n\n\n<div class=\"wp-block-button\"><a class=\"wp-block-button__link\" href=\"votre-fiche-p\" target=\"_blank\" rel=\"noreferrer noopener\">T\u00e9l\u00e9charger la \u00ab\u00a0Fiche P\u00a0\u00bb<\/a><\/div>\n<\/div>\n<\/div>\n","protected":false},"excerpt":{"rendered":"<p>L&rsquo;attente d&rsquo;un vraie candidature citoyenne Il y a une vraie attente d\u2019une candidature citoyenne, car le sentiment d\u2019impuissance du monde politique traverse l\u2019ensemble de la soci\u00e9t\u00e9 fran\u00e7aise. Les premiers programmes propos\u00e9s et les candidatures qui se profilent, montrent un profond sentiment de d\u00e9j\u00e0 vu. Les propositions actuelles ne portent aucune solution \u00e0 cours, moyens et encore moins \u00e0 long terme. Plusieurs initiatives et personnalit\u00e9s essaient de susciter ou d\u2019organiser une candidature citoyenne et une primaire citoyenne. Il faut ensuite que&#8230;<\/p>\n<p class=\"read-more\"><a class=\"btn btn-default\" href=\"https:\/\/jacquesmarion.fr\/index.php\/la-campagne\/\">Lire la suite<span class=\"screen-reader-text\"> Lire la suite<\/span><\/a><\/p>\n","protected":false},"author":2,"featured_media":0,"parent":0,"menu_order":0,"comment_status":"closed","ping_status":"closed","template":"","meta":{"_monsterinsights_skip_tracking":false,"_monsterinsights_sitenote_active":false,"_monsterinsights_sitenote_note":"","_monsterinsights_sitenote_category":0},"yoast_head":"<!-- This site is optimized with the Yoast SEO plugin v20.8 - https:\/\/yoast.com\/wordpress\/plugins\/seo\/ -->\n<title>La CAMPAGNE -<\/title>\n<meta name=\"robots\" content=\"index, follow, max-snippet:-1, max-image-preview:large, max-video-preview:-1\" \/>\n<link rel=\"canonical\" href=\"https:\/\/jacquesmarion.fr\/index.php\/la-campagne\/\" \/>\n<meta property=\"og:locale\" content=\"fr_FR\" \/>\n<meta property=\"og:type\" content=\"article\" \/>\n<meta property=\"og:title\" content=\"La CAMPAGNE -\" \/>\n<meta property=\"og:description\" content=\"L&rsquo;attente d&rsquo;un vraie candidature citoyenne Il y a une vraie attente d\u2019une candidature citoyenne, car le sentiment d\u2019impuissance du monde politique traverse l\u2019ensemble de la soci\u00e9t\u00e9 fran\u00e7aise. Les premiers programmes propos\u00e9s et les candidatures qui se profilent, montrent un profond sentiment de d\u00e9j\u00e0 vu. Les propositions actuelles ne portent aucune solution \u00e0 cours, moyens et encore moins \u00e0 long terme. Plusieurs initiatives et personnalit\u00e9s essaient de susciter ou d\u2019organiser une candidature citoyenne et une primaire citoyenne. Il faut ensuite que...Lire la suite Lire la suite\" \/>\n<meta property=\"og:url\" content=\"https:\/\/jacquesmarion.fr\/index.php\/la-campagne\/\" \/>\n<meta property=\"article:modified_time\" content=\"2020-03-24T13:52:25+00:00\" \/>\n<meta property=\"og:image\" content=\"https:\/\/jacquesmarion.fr\/wp-content\/uploads\/2016\/09\/coluche-gauche-droite-france.jpg\" \/>\n<meta name=\"twitter:card\" content=\"summary_large_image\" \/>\n<meta name=\"twitter:label1\" content=\"Dur\u00e9e de lecture estim\u00e9e\" \/>\n\t<meta name=\"twitter:data1\" content=\"4 minutes\" \/>\n<script type=\"application\/ld+json\" class=\"yoast-schema-graph\">{\"@context\":\"https:\/\/schema.org\",\"@graph\":[{\"@type\":\"WebPage\",\"@id\":\"https:\/\/jacquesmarion.fr\/index.php\/la-campagne\/\",\"url\":\"https:\/\/jacquesmarion.fr\/index.php\/la-campagne\/\",\"name\":\"La CAMPAGNE -\",\"isPartOf\":{\"@id\":\"https:\/\/jacquesmarion.fr\/#website\"},\"datePublished\":\"2020-03-22T14:50:11+00:00\",\"dateModified\":\"2020-03-24T13:52:25+00:00\",\"breadcrumb\":{\"@id\":\"https:\/\/jacquesmarion.fr\/index.php\/la-campagne\/#breadcrumb\"},\"inLanguage\":\"fr-FR\",\"potentialAction\":[{\"@type\":\"ReadAction\",\"target\":[\"https:\/\/jacquesmarion.fr\/index.php\/la-campagne\/\"]}]},{\"@type\":\"BreadcrumbList\",\"@id\":\"https:\/\/jacquesmarion.fr\/index.php\/la-campagne\/#breadcrumb\",\"itemListElement\":[{\"@type\":\"ListItem\",\"position\":1,\"name\":\"Accueil\",\"item\":\"https:\/\/jacquesmarion.fr\/\"},{\"@type\":\"ListItem\",\"position\":2,\"name\":\"La CAMPAGNE\"}]},{\"@type\":\"WebSite\",\"@id\":\"https:\/\/jacquesmarion.fr\/#website\",\"url\":\"https:\/\/jacquesmarion.fr\/\",\"name\":\"\",\"description\":\"\",\"potentialAction\":[{\"@type\":\"SearchAction\",\"target\":{\"@type\":\"EntryPoint\",\"urlTemplate\":\"https:\/\/jacquesmarion.fr\/?s={search_term_string}\"},\"query-input\":\"required name=search_term_string\"}],\"inLanguage\":\"fr-FR\"}]}<\/script>\n<!-- \/ Yoast SEO plugin. -->","yoast_head_json":{"title":"La CAMPAGNE -","robots":{"index":"index","follow":"follow","max-snippet":"max-snippet:-1","max-image-preview":"max-image-preview:large","max-video-preview":"max-video-preview:-1"},"canonical":"https:\/\/jacquesmarion.fr\/index.php\/la-campagne\/","og_locale":"fr_FR","og_type":"article","og_title":"La CAMPAGNE -","og_description":"L&rsquo;attente d&rsquo;un vraie candidature citoyenne Il y a une vraie attente d\u2019une candidature citoyenne, car le sentiment d\u2019impuissance du monde politique traverse l\u2019ensemble de la soci\u00e9t\u00e9 fran\u00e7aise. Les premiers programmes propos\u00e9s et les candidatures qui se profilent, montrent un profond sentiment de d\u00e9j\u00e0 vu. Les propositions actuelles ne portent aucune solution \u00e0 cours, moyens et encore moins \u00e0 long terme. Plusieurs initiatives et personnalit\u00e9s essaient de susciter ou d\u2019organiser une candidature citoyenne et une primaire citoyenne. Il faut ensuite que...Lire la suite Lire la suite","og_url":"https:\/\/jacquesmarion.fr\/index.php\/la-campagne\/","article_modified_time":"2020-03-24T13:52:25+00:00","og_image":[{"url":"https:\/\/jacquesmarion.fr\/wp-content\/uploads\/2016\/09\/coluche-gauche-droite-france.jpg"}],"twitter_card":"summary_large_image","twitter_misc":{"Dur\u00e9e de lecture estim\u00e9e":"4 minutes"},"schema":{"@context":"https:\/\/schema.org","@graph":[{"@type":"WebPage","@id":"https:\/\/jacquesmarion.fr\/index.php\/la-campagne\/","url":"https:\/\/jacquesmarion.fr\/index.php\/la-campagne\/","name":"La CAMPAGNE -","isPartOf":{"@id":"https:\/\/jacquesmarion.fr\/#website"},"datePublished":"2020-03-22T14:50:11+00:00","dateModified":"2020-03-24T13:52:25+00:00","breadcrumb":{"@id":"https:\/\/jacquesmarion.fr\/index.php\/la-campagne\/#breadcrumb"},"inLanguage":"fr-FR","potentialAction":[{"@type":"ReadAction","target":["https:\/\/jacquesmarion.fr\/index.php\/la-campagne\/"]}]},{"@type":"BreadcrumbList","@id":"https:\/\/jacquesmarion.fr\/index.php\/la-campagne\/#breadcrumb","itemListElement":[{"@type":"ListItem","position":1,"name":"Accueil","item":"https:\/\/jacquesmarion.fr\/"},{"@type":"ListItem","position":2,"name":"La CAMPAGNE"}]},{"@type":"WebSite","@id":"https:\/\/jacquesmarion.fr\/#website","url":"https:\/\/jacquesmarion.fr\/","name":"","description":"","potentialAction":[{"@type":"SearchAction","target":{"@type":"EntryPoint","urlTemplate":"https:\/\/jacquesmarion.fr\/?s={search_term_string}"},"query-input":"required name=search_term_string"}],"inLanguage":"fr-FR"}]}},"_links":{"self":[{"href":"https:\/\/jacquesmarion.fr\/index.php\/wp-json\/wp\/v2\/pages\/1112"}],"collection":[{"href":"https:\/\/jacquesmarion.fr\/index.php\/wp-json\/wp\/v2\/pages"}],"about":[{"href":"https:\/\/jacquesmarion.fr\/index.php\/wp-json\/wp\/v2\/types\/page"}],"author":[{"embeddable":true,"href":"https:\/\/jacquesmarion.fr\/index.php\/wp-json\/wp\/v2\/users\/2"}],"replies":[{"embeddable":true,"href":"https:\/\/jacquesmarion.fr\/index.php\/wp-json\/wp\/v2\/comments?post=1112"}],"version-history":[{"count":4,"href":"https:\/\/jacquesmarion.fr\/index.php\/wp-json\/wp\/v2\/pages\/1112\/revisions"}],"predecessor-version":[{"id":1256,"href":"https:\/\/jacquesmarion.fr\/index.php\/wp-json\/wp\/v2\/pages\/1112\/revisions\/1256"}],"wp:attachment":[{"href":"https:\/\/jacquesmarion.fr\/index.php\/wp-json\/wp\/v2\/media?parent=1112"}],"curies":[{"name":"wp","href":"https:\/\/api.w.org\/{rel}","templated":true}]}}